{"id":1254,"date":"2018-10-10T11:30:05","date_gmt":"2018-10-10T11:30:05","guid":{"rendered":"https:\/\/www.inffe.es\/publicaciones\/"},"modified":"2020-11-03T10:34:14","modified_gmt":"2020-11-03T10:34:14","slug":"publications","status":"publish","type":"page","link":"https:\/\/www.inffe.es\/en\/publications\/","title":{"rendered":"Publications"},"content":{"rendered":"<p>[et_pb_section bb_built=&#8221;1&#8243; _builder_version=&#8221;3.17.1&#8243; background_color=&#8221;rgba(87,38,6,0.07)&#8221; next_background_color=&#8221;rgba(0,0,0,0.07)&#8221;][et_pb_row _builder_version=&#8221;3.0.48&#8243; background_size=&#8221;initial&#8221; background_position=&#8221;top_left&#8221; background_repeat=&#8221;repeat&#8221;][et_pb_column type=&#8221;4_4&#8243;][et_pb_text admin_label=&#8221;Libros&#8221; _builder_version=&#8221;3.21&#8243;]<\/p>\n<h2>Books<\/h2>\n<hr>\n<p>[\/et_pb_text][\/et_pb_column][\/et_pb_row][et_pb_row custom_padding=&#8221;|||&#8221; custom_margin=&#8221;|||&#8221; make_equal=&#8221;on&#8221; background_color_1=&#8221;#ffffff&#8221; background_color_2=&#8221;#ffffff&#8221; background_color_3=&#8221;#ffffff&#8221; padding_top_1=&#8221;20px&#8221; padding_top_2=&#8221;20px&#8221; padding_top_3=&#8221;20px&#8221; padding_right_1=&#8221;20px&#8221; padding_right_2=&#8221;20px&#8221; padding_right_3=&#8221;20px&#8221; padding_bottom_1=&#8221;20px&#8221; padding_bottom_2=&#8221;20px&#8221; padding_bottom_3=&#8221;20px&#8221; padding_left_1=&#8221;20px&#8221; padding_left_2=&#8221;20px&#8221; padding_left_3=&#8221;20px&#8221; _builder_version=&#8221;3.17.1&#8243; background_size=&#8221;initial&#8221; background_position=&#8221;top_left&#8221; background_repeat=&#8221;repeat&#8221;][et_pb_column type=&#8221;1_3&#8243;][et_pb_blurb title=&#8221;T\u00e9cnicas y m\u00e9todos ecol\u00f3gicos de equilibrio entre par\u00e1sitos, pat\u00f3genos y cultivos &#8221; image=&#8221;https:\/\/www.inffe.es\/wp-content\/uploads\/001.jpg&#8221; _builder_version=&#8221;3.17.6&#8243;]<\/p>\n<p>GARZ\u00d3N HIDALGO A., BENGOCHEA BUDIA P., HIERNAUX CANDELAS L., 2014 PARANINFO<\/p>\n<p>[\/et_pb_blurb][\/et_pb_column][et_pb_column type=&#8221;1_3&#8243;][et_pb_blurb title=&#8221;Prevenci\u00f3n del estado sanitario de cultivos ecol\u00f3gicos y aplicaci\u00f3n de productos &#8221; image=&#8221;https:\/\/www.inffe.es\/wp-content\/uploads\/002.jpg&#8221; _builder_version=&#8221;3.17.1&#8243;]<\/p>\n<p>BENGOCHEA BUDIA P., GARZ\u00d3N HIDALGO A., HIERNAUX CANDELAS L., 2014 PARANINFO<\/p>\n<p>[\/et_pb_blurb][\/et_pb_column][et_pb_column type=&#8221;1_3&#8243;][et_pb_blurb title=&#8221;Cat\u00e1logo y Atlas de los Ropal\u00f3ceros del Parque Nacional de Caba\u00f1eros&#8221; image=&#8221;https:\/\/www.inffe.es\/wp-content\/uploads\/AtlasCabanerosp-1.jpg&#8221; _builder_version=&#8221;3.17.6&#8243;]<\/p>\n<p>HIERNAUX L., PEREIRA P., HURTADO A., FERN\u00c1NDEZ J., 2011<br \/>Ministerio de Medio Ambiente, Medio Rural y Marino. Organismo Aut\u00f3nomo Parques Nacionales. Colecci\u00f3n: Naturaleza y Parques Nacionales. Serie t\u00e9cnica.<\/p>\n<p>[\/et_pb_blurb][\/et_pb_column][\/et_pb_row][et_pb_row custom_padding=&#8221;|||&#8221; custom_margin=&#8221;|||&#8221; make_equal=&#8221;on&#8221; background_color_1=&#8221;#ffffff&#8221; background_color_2=&#8221;#ffffff&#8221; background_color_3=&#8221;#ffffff&#8221; padding_top_1=&#8221;20px&#8221; padding_top_2=&#8221;20px&#8221; padding_top_3=&#8221;20px&#8221; padding_right_1=&#8221;20px&#8221; padding_right_2=&#8221;20px&#8221; padding_right_3=&#8221;20px&#8221; padding_bottom_1=&#8221;20px&#8221; padding_bottom_2=&#8221;20px&#8221; padding_bottom_3=&#8221;20px&#8221; padding_left_1=&#8221;20px&#8221; padding_left_2=&#8221;20px&#8221; padding_left_3=&#8221;20px&#8221; _builder_version=&#8221;3.17.1&#8243; background_size=&#8221;initial&#8221; background_position=&#8221;top_left&#8221; background_repeat=&#8221;repeat&#8221;][et_pb_column type=&#8221;1_3&#8243;][et_pb_blurb title=&#8221;Cat\u00e1logo y Atlas de los Ropal\u00f3ceros de los Montes Matas y Pinar de Valsa\u00edn &#8221; image=&#8221;https:\/\/www.inffe.es\/wp-content\/uploads\/02-13.jpg&#8221; _builder_version=&#8221;3.17.1&#8243;]<\/p>\n<p>PEREIRA P., 2009<br \/>Ministerio de Medio Ambiente, Medio Rural y Marino. Organismo Aut\u00f3nomo Parques Nacionales. Colecci\u00f3n: Naturaleza y Parques Nacionales. Serie t\u00e9cnica.<\/p>\n<p>[\/et_pb_blurb][\/et_pb_column][et_pb_column type=&#8221;1_3&#8243;][et_pb_blurb title=&#8221;Caminos de El Espinar&#8221; image=&#8221;https:\/\/www.inffe.es\/wp-content\/uploads\/03-13.jpg&#8221; _builder_version=&#8221;3.17.1&#8243;]<\/p>\n<p>VARIOS AUTORES, 2005.<br \/>Ayuntamiento de El Espinar<\/p>\n<p>[\/et_pb_blurb][\/et_pb_column][et_pb_column type=&#8221;1_3&#8243;][et_pb_blurb title=&#8221;El Lince Ib\u00e9rico. Un tesoro expoliado&#8221; image=&#8221;https:\/\/www.inffe.es\/wp-content\/uploads\/04-13.jpg&#8221; _builder_version=&#8221;3.17.1&#8243;]<\/p>\n<p>PEREIRA P., RODR\u00cdGUEZ J.L., 2003.<br \/>Edilesa<\/p>\n<p>[\/et_pb_blurb][\/et_pb_column][\/et_pb_row][\/et_pb_section][et_pb_section bb_built=&#8221;1&#8243; _builder_version=&#8221;3.17.6&#8243; background_color=&#8221;rgba(0,0,0,0.07)&#8221; custom_padding=&#8221;0|0px|54px|0px|false|false&#8221; prev_background_color=&#8221;rgba(87,38,6,0.07)&#8221; next_background_color=&#8221;#000000&#8243;][et_pb_row _builder_version=&#8221;3.0.48&#8243; background_size=&#8221;initial&#8221; background_position=&#8221;top_left&#8221; background_repeat=&#8221;repeat&#8221;][et_pb_column type=&#8221;4_4&#8243;][et_pb_text admin_label=&#8221;\u00c1rticulos&#8221; _builder_version=&#8221;3.21&#8243;]<\/p>\n<h2>Articles<\/h2>\n<p>(DOWNLOADABLE) <i class=\"fa fa-file-pdf-o \" ><\/i><\/p>\n<hr \/>\n<p>[\/et_pb_text][\/et_pb_column][\/et_pb_row][et_pb_row custom_padding=&#8221;0|0px|27px|0px|false|false&#8221; custom_margin=&#8221;|||&#8221; make_equal=&#8221;on&#8221; background_color_1=&#8221;#ffffff&#8221; background_color_2=&#8221;#ffffff&#8221; background_color_3=&#8221;#ffffff&#8221; padding_top_1=&#8221;20px&#8221; padding_top_2=&#8221;20px&#8221; padding_top_3=&#8221;20px&#8221; padding_right_1=&#8221;20px&#8221; padding_right_2=&#8221;20px&#8221; padding_right_3=&#8221;20px&#8221; padding_bottom_1=&#8221;20px&#8221; padding_bottom_2=&#8221;20px&#8221; padding_bottom_3=&#8221;20px&#8221; padding_left_1=&#8221;20px&#8221; padding_left_2=&#8221;20px&#8221; padding_left_3=&#8221;20px&#8221; _builder_version=&#8221;3.17.1&#8243; background_size=&#8221;initial&#8221; background_position=&#8221;top_left&#8221; background_repeat=&#8221;repeat&#8221;][et_pb_column type=&#8221;1_3&#8243;][et_pb_blurb title=&#8221;\u201cDesilusiones y esperanzas tras m\u00e1s de una d\u00e9cada dedicada al estudio, aplicaci\u00f3n y eficacia del control biol\u00f3gico en espacios verdes\u201d &#8221; url=&#8221;https:\/\/www.inffe.es\/wp-content\/uploads\/Phytoma-2020-L.-Hiernaux.pdf&#8221; url_new_window=&#8221;on&#8221; image=&#8221;https:\/\/www.inffe.es\/wp-content\/uploads\/EsperanzasDesilusiones2020-e1604352280711.jpg&#8221; _builder_version=&#8221;3.21&#8243; link_option_url=&#8221;https:\/\/www.inffe.es\/wp-content\/uploads\/Phytoma-2020-L.-Hiernaux.pdf&#8221; link_option_url_new_window=&#8221;on&#8221;]<\/p>\n<p>HIERNAUX, L., 2020.\u00a0<br \/>PHYTOMA Espa\u00f1a \/ N\u00ba 322 \/ Octubre 2020.<\/p>\n<p>[\/et_pb_blurb][\/et_pb_column][et_pb_column type=&#8221;1_3&#8243;][et_pb_blurb title=&#8221;Gesti\u00f3n fitosanitaria integrada de la ciudad de Aranjuez (2013-2018)&#8221; url=&#8221;https:\/\/www.inffe.es\/wp-content\/uploads\/Foresta-76-Hurtado-et-al..pdf&#8221; url_new_window=&#8221;on&#8221; image=&#8221;https:\/\/www.inffe.es\/wp-content\/uploads\/Art\u00edculo-Revista-Foresta-n\u00ba76-1-e1588100915478.png&#8221; _builder_version=&#8221;3.21&#8243; link_option_url=&#8221;https:\/\/www.inffe.es\/wp-content\/uploads\/Foresta-76-Hurtado-et-al..pdf&#8221; link_option_url_new_window=&#8221;on&#8221;]<\/p>\n<p>HURTADO HERN\u00c1NDEZ A., HIERNAUX CANDELAS L., SERRA CALAHORRA O.<br \/>Revista FORESTA, p\u00e1g 52-54 \/ N\u00ba76 \/ Abril 2020<\/p>\n<p>[\/et_pb_blurb][\/et_pb_column][et_pb_column type=&#8221;1_3&#8243;][et_pb_blurb title=&#8221;Valoraci\u00f3n de Riesgo del Arbolado en los Jardines Hist\u00f3ricos de Patrimonio Nacional&#8221; url=&#8221;https:\/\/www.inffe.es\/wp-content\/uploads\/Valoraci\u00f3n-del-riesgo-del-arbolado-de-los-jardines-hist\u00f3ricos.-Hiernaux-et-al.pdf&#8221; url_new_window=&#8221;on&#8221; image=&#8221;https:\/\/www.inffe.es\/wp-content\/uploads\/Valoraci\u00f3nRiesgo2019-e1604399632542.jpg&#8221; _builder_version=&#8221;3.21&#8243; link_option_url=&#8221;https:\/\/www.inffe.es\/wp-content\/uploads\/Valoraci\u00f3n-del-riesgo-del-arbolado-de-los-jardines-hist\u00f3ricos.-Hiernaux-et-al.pdf&#8221; link_option_url_new_window=&#8221;on&#8221;]<\/p>\n<p>HIERNAUX CANDELAS L., HURTADO HERN\u00c1NDEZ A., SERRA CALAHORRA O., CHICHARRO P., MU\u00d1OZ RODR\u00cdGUEZ A.<br \/>Especial Redforesta 2019 Arbolado Urbano<\/p>\n<p>[\/et_pb_blurb][\/et_pb_column][\/et_pb_row][et_pb_row custom_padding=&#8221;0|0px|27px|0px|false|false&#8221; custom_margin=&#8221;|||&#8221; make_equal=&#8221;on&#8221; background_color_1=&#8221;#ffffff&#8221; background_color_2=&#8221;#ffffff&#8221; background_color_3=&#8221;#ffffff&#8221; padding_top_1=&#8221;20px&#8221; padding_top_2=&#8221;20px&#8221; padding_top_3=&#8221;20px&#8221; padding_right_1=&#8221;20px&#8221; padding_right_2=&#8221;20px&#8221; padding_right_3=&#8221;20px&#8221; padding_bottom_1=&#8221;20px&#8221; padding_bottom_2=&#8221;20px&#8221; padding_bottom_3=&#8221;20px&#8221; padding_left_1=&#8221;20px&#8221; padding_left_2=&#8221;20px&#8221; padding_left_3=&#8221;20px&#8221; _builder_version=&#8221;3.17.1&#8243; background_size=&#8221;initial&#8221; background_position=&#8221;top_left&#8221; background_repeat=&#8221;repeat&#8221;][et_pb_column type=&#8221;1_3&#8243;][et_pb_blurb title=&#8221;\u201cEvaluaci\u00f3n de da\u00f1os y control de Cerambyx welensii (K\u00fcster) en el bosque de la Herrer\u00eda%22&#8243; url=&#8221;https:\/\/www.inffe.es\/wp-content\/uploads\/Evaluaci\u00f3n-de-da\u00f1os-y-control-de-Cerambyx-welensii-K\u00fcster-en-el-bosque-de-la-Herrer\u00eda.pdf&#8221; url_new_window=&#8221;on&#8221; image=&#8221;https:\/\/www.inffe.es\/wp-content\/uploads\/PORTADA-FORESTA-ABR2019-1-e1604399544879.jpg&#8221; _builder_version=&#8221;3.21&#8243; link_option_url=&#8221;https:\/\/www.inffe.es\/wp-content\/uploads\/Evaluaci\u00f3n-de-da\u00f1os-y-control-de-Cerambyx-welensii-K\u00fcster-en-el-bosque-de-la-Herrer\u00eda.pdf&#8221; link_option_url_new_window=&#8221;on&#8221;]<\/p>\n<p>HURTADO HERN\u00c1NDEZ A., PEREIRA SIESO P., HIERNAUX CANDELAS L., HUIDOBRO RUIZ A., MU\u00d1OZ RODR\u00cdGUEZ A.<br \/>Revista FORESTA P\u00e1ginas 48-59 \/ N\u00ba73 \/ Abril 2019<\/p>\n<p>[\/et_pb_blurb][\/et_pb_column][et_pb_column type=&#8221;1_3&#8243;][et_pb_blurb admin_label=&#8221;Revista PARJAP. Valoraci\u00f3n de riesgo del arbolado en Jardines hist\u00f3ricos.&#8221; title=&#8221;%22Revista PARJAP. Valoraci\u00f3n de riesgo del arbolado en Jardines hist\u00f3ricos.%22&#8243; url=&#8221;http:\/\/www.inffe.es\/pdf\/RIESGO_PN_2018_QTRAgr.PDF&#8221; url_new_window=&#8221;on&#8221; image=&#8221;https:\/\/www.inffe.es\/wp-content\/uploads\/60-1.jpg&#8221; _builder_version=&#8221;3.21&#8243; link_option_url=&#8221;http:\/\/www.inffe.es\/pdf\/RIESGO_PN_2018_QTRAgr.PDF&#8221; link_option_url_new_window=&#8221;on&#8221;]<\/p>\n<p>\nHIERNAUX CANDELAS L., HURTADO HERN\u00c1NDEZ A., SERRA CALAHORRA O., CHICHARRO HERN\u00c1NDEZ P. &amp; MU\u00d1OZ RODR\u00cdGUEZ A., 2018. <br \/>Revista PARJAP \/ n\u00ba90<\/p>\n<p>[\/et_pb_blurb][\/et_pb_column][et_pb_column type=&#8221;1_3&#8243;][et_pb_blurb title=&#8221;\u201cEstudio de caracterizaci\u00f3n de da\u00f1os compatibles con \u2018la seca\u2019 de la encina en el Monte del Pardo y propuesta de actuaciones\u201d&#8221; url=&#8221;http:\/\/www.inffe.es\/pdf\/INFFE_Danos_compatibles%20con_la_Seca_en_El%20Pardo_2018.pdf&#8221; url_new_window=&#8221;on&#8221; image=&#8221;https:\/\/www.inffe.es\/wp-content\/uploads\/riesgo_arbolado_INFFE_2018.jpg&#8221; _builder_version=&#8221;3.21&#8243; link_option_url=&#8221;http:\/\/www.inffe.es\/pdf\/INFFE_Danos_compatibles%20con_la_Seca_en_El%20Pardo_2018.pdf&#8221; link_option_url_new_window=&#8221;on&#8221;]<\/p>\n<p>A. HURTADO HERN\u00c1NDEZL, HIERNAUX CANDELAS, A. HUIDOBRO RUIZ, A. MU\u00d1OZ RODR\u00cdGUEZ. 2018.<br \/>PHYTOMA Espa\u00f1a \/ N\u00ba 301 \/ Agosto\/Septiembre 2018 50<\/p>\n<p>[\/et_pb_blurb][\/et_pb_column][\/et_pb_row][et_pb_row custom_padding=&#8221;35px|0px|27px|0px|false|false&#8221; custom_margin=&#8221;|||&#8221; make_equal=&#8221;on&#8221; background_color_1=&#8221;#ffffff&#8221; background_color_2=&#8221;#ffffff&#8221; background_color_3=&#8221;#ffffff&#8221; padding_top_1=&#8221;20px&#8221; padding_top_2=&#8221;20px&#8221; padding_top_3=&#8221;20px&#8221; padding_right_1=&#8221;20px&#8221; padding_right_2=&#8221;20px&#8221; padding_right_3=&#8221;20px&#8221; padding_bottom_1=&#8221;20px&#8221; padding_bottom_2=&#8221;20px&#8221; padding_bottom_3=&#8221;20px&#8221; padding_left_1=&#8221;20px&#8221; padding_left_2=&#8221;20px&#8221; padding_left_3=&#8221;20px&#8221; _builder_version=&#8221;3.17.1&#8243; background_size=&#8221;initial&#8221; background_position=&#8221;top_left&#8221; background_repeat=&#8221;repeat&#8221;][et_pb_column type=&#8221;1_3&#8243;][et_pb_blurb title=&#8221;\u201cEl concepto de humbral de tolerancia para la gesti\u00f3n integrada de plagas en espacios verdes urbanos%22&#8243; url=&#8221;http:\/\/www.inffe.es\/pdf\/Pons_Lumbierres_Hiernaux_2017_Phytoma.pdf&#8221; url_new_window=&#8221;on&#8221; image=&#8221;https:\/\/www.inffe.es\/wp-content\/uploads\/ornamentales.jpg&#8221; _builder_version=&#8221;3.21&#8243; link_option_url=&#8221;http:\/\/www.inffe.es\/pdf\/Pons_Lumbierres_Hiernaux_2017_Phytoma.pdf&#8221; link_option_url_new_window=&#8221;on&#8221;]<\/p>\n<p>\nPONS X., LUMNIERRES B., HIERNAUX L. <br \/> PHYTOMA Espa\u00f1a \/ n\u00ba289 \/ Mayo 2017<\/p>\n<p>[\/et_pb_blurb][\/et_pb_column][et_pb_column type=&#8221;1_3&#8243;][et_pb_blurb title=&#8221;%22Las mariposas diurnas del Hayedo de Montejo%22&#8243; url=&#8221;http:\/\/www.inffe.es\/pdf\/Articulo_Quercus_marzo17_mariposas_montejo.pdf&#8221; url_new_window=&#8221;on&#8221; image=&#8221;https:\/\/www.inffe.es\/wp-content\/uploads\/querqus.jpg&#8221; _builder_version=&#8221;3.21&#8243; link_option_url=&#8221;http:\/\/www.inffe.es\/pdf\/Articulo_Quercus_marzo17_mariposas_montejo.pdf&#8221; link_option_url_new_window=&#8221;on&#8221;]<\/p>\n<p>\nPEREIRA P., HURTADO A., GIL L., RODR\u00cdGUEZ-CALCERRADA J. <br \/> Revista QUERCUS \/ n\u00ba373 \/ Marzo 2017<\/p>\n<p>[\/et_pb_blurb][\/et_pb_column][et_pb_column type=&#8221;1_3&#8243;][et_pb_blurb title=&#8221;\u201cGestion integrada de las plagas del arbolado de la ciudad de Aranjuez\u201d&#8221; url=&#8221;http:\/\/www.inffe.es\/pdf\/Articulo_Foresta_Nov2015_GIP-Aranjuez.pdf&#8221; url_new_window=&#8221;on&#8221; image=&#8221;https:\/\/www.inffe.es\/wp-content\/uploads\/Articulo_Foresta_Nov2015_Aranjuez.jpg&#8221; _builder_version=&#8221;3.21&#8243; link_option_url=&#8221;http:\/\/www.inffe.es\/pdf\/Articulo_Foresta_Nov2015_GIP-Aranjuez.pdf&#8221; link_option_url_new_window=&#8221;on&#8221;]<\/p>\n<p>\nHURTADO HERN\u00c1NDEZ, A., HIERNAUX CANDELAS, L., GONZ\u00c1LEZ GRANADOS, J. <br \/>Revista FORESTA \/ n\u00ba64 \/ 2015<\/p>\n<p>[\/et_pb_blurb][\/et_pb_column][\/et_pb_row][et_pb_row custom_padding=&#8221;35px|0px|27px|0px|false|false&#8221; custom_margin=&#8221;|||&#8221; make_equal=&#8221;on&#8221; background_color_1=&#8221;#ffffff&#8221; background_color_2=&#8221;#ffffff&#8221; background_color_3=&#8221;#ffffff&#8221; padding_top_1=&#8221;20px&#8221; padding_top_2=&#8221;20px&#8221; padding_top_3=&#8221;20px&#8221; padding_right_1=&#8221;20px&#8221; padding_right_2=&#8221;20px&#8221; padding_right_3=&#8221;20px&#8221; padding_bottom_1=&#8221;20px&#8221; padding_bottom_2=&#8221;20px&#8221; padding_bottom_3=&#8221;20px&#8221; padding_left_1=&#8221;20px&#8221; padding_left_2=&#8221;20px&#8221; padding_left_3=&#8221;20px&#8221; _builder_version=&#8221;3.17.6&#8243; background_size=&#8221;initial&#8221; background_position=&#8221;top_left&#8221; background_repeat=&#8221;repeat&#8221;][et_pb_column type=&#8221;1_3&#8243;][et_pb_blurb title=&#8221;\u201cBases para el control biol\u00f3gico de plagas en los Jardines Hist\u00f3ricos de Patrimonio Nacional. Una alternativa de futuro%22&#8243; url=&#8221;http:\/\/www.inffe.es\/pdf\/ARTICULO-6.pdf&#8221; url_new_window=&#8221;on&#8221; image=&#8221;https:\/\/www.inffe.es\/wp-content\/uploads\/12-10.jpg&#8221; _builder_version=&#8221;3.17.1&#8243; link_option_url=&#8221;http:\/\/www.inffe.es\/pdf\/ARTICULO-6.pdf&#8221; link_option_url_new_window=&#8221;on&#8221;]<\/p>\n<p>HIERNAUX CANDELAS, L.1, HURTADO HERN\u00c1NDEZ, A. 2 MU\u00d1OZ RODR\u00cdGUEZ, A.3 &amp; RODR\u00cdGUEZ GAMO, J.L., Oto\u00f1o 2011<br \/>Revista PARJAP<\/p>\n<p>[\/et_pb_blurb][\/et_pb_column][et_pb_column type=&#8221;1_3&#8243;][et_pb_blurb title=&#8221;\u201cCat\u00e1logo de Lepidoptera-Heterocera del Parque Nacional de Caba\u00f1eros (Espa\u00f1a) (Insecta: Lepidoptera)\u201d&#8221; image=&#8221;https:\/\/www.inffe.es\/wp-content\/uploads\/51.png&#8221; _builder_version=&#8221;3.17.1&#8243;]<\/p>\n<p>HURTADO A., HIERNAUX L., PEREIRA P., 2011.<br \/>SHILAP. Revista de lepidopterolog\u00eda, 39 (153): 99-110.<\/p>\n<p>[\/et_pb_blurb][\/et_pb_column][et_pb_column type=&#8221;1_3&#8243;][et_pb_blurb title=&#8221;\u201cCat\u00e1logo de Lepidoptera-Heterocera del Parque Nacional Mar\u00edtimo-Terrestre de las Islas Atl\u00e1nticas de Galicia (Espa\u00f1a) (Insecta: Lepidoptera)\u201d&#8221; url=&#8221;http:\/\/www.inffe.es\/pdf\/ARTICULO-1.pdf&#8221; url_new_window=&#8221;on&#8221; image=&#8221;https:\/\/www.inffe.es\/wp-content\/uploads\/51.jpg&#8221; _builder_version=&#8221;3.17.1&#8243; link_option_url=&#8221;http:\/\/www.inffe.es\/pdf\/ARTICULO-1.pdf&#8221; link_option_url_new_window=&#8221;on&#8221;]<\/p>\n<p>HIERNAUX L., HURTADO A., FERN\u00c1NDEZ J., 2010.<br \/>SHILAP. Revista de lepidopterolog\u00eda, 38 (150): 177-185.<\/p>\n<p>[\/et_pb_blurb][\/et_pb_column][\/et_pb_row][et_pb_row custom_padding=&#8221;35px|0px|27px|0px|false|false&#8221; custom_margin=&#8221;|||&#8221; make_equal=&#8221;on&#8221; background_color_1=&#8221;#ffffff&#8221; background_color_2=&#8221;#ffffff&#8221; background_color_3=&#8221;#ffffff&#8221; padding_top_1=&#8221;20px&#8221; padding_top_2=&#8221;20px&#8221; padding_top_3=&#8221;20px&#8221; padding_right_1=&#8221;20px&#8221; padding_right_2=&#8221;20px&#8221; padding_right_3=&#8221;20px&#8221; padding_bottom_1=&#8221;20px&#8221; padding_bottom_2=&#8221;20px&#8221; padding_bottom_3=&#8221;20px&#8221; padding_left_1=&#8221;20px&#8221; padding_left_2=&#8221;20px&#8221; padding_left_3=&#8221;20px&#8221; _builder_version=&#8221;3.17.6&#8243; background_size=&#8221;initial&#8221; background_position=&#8221;top_left&#8221; background_repeat=&#8221;repeat&#8221;][et_pb_column type=&#8221;1_3&#8243;][et_pb_blurb title=&#8221;\u201cActualizaci\u00f3n de la distribuci\u00f3n de Glycaspis brimblecombei Moore (Hemiptera: Psyllidae) en Espa\u00f1a y apuntes sobre su biolog\u00eda y da\u00f1os\u201d &#8221; url=&#8221;http:\/\/www.inffe.es\/pdf\/ARTICULO-3.pdf&#8221; url_new_window=&#8221;on&#8221; image=&#8221;https:\/\/www.inffe.es\/wp-content\/uploads\/07-13.jpg&#8221; _builder_version=&#8221;3.17.1&#8243; link_option_url=&#8221;http:\/\/www.inffe.es\/pdf\/ARTICULO-3.pdf&#8221; link_option_url_new_window=&#8221;on&#8221;]<\/p>\n<p>HURTADO A., S\u00c1NCHEZ I., REINA I., 2010.<br \/>Bolet\u00edn Sociedad Entomol\u00f3gica Aragonesa (S.E.A), 46: 547-551.<\/p>\n<p>[\/et_pb_blurb][\/et_pb_column][et_pb_column type=&#8221;1_3&#8243;][et_pb_blurb title=&#8221;\u201cPrimeras observaciones para el suroeste Ib\u00e9rico del Gorgojo del Eucalipto (Gonipterus scutellatus Gyllenhall, 1833) (Coleoptera: Curculionidae) y de su parasitoide Anaphes nitens (Girault, 1928) (Hymenoptera: Myrmaridae)\u201d &#8221; url=&#8221;http:\/\/www.inffe.es\/pdf\/ARTICULO-5.pdf&#8221; url_new_window=&#8221;on&#8221; image=&#8221;https:\/\/www.inffe.es\/wp-content\/uploads\/09-13.jpg&#8221; _builder_version=&#8221;3.17.1&#8243; link_option_url=&#8221;http:\/\/www.inffe.es\/pdf\/ARTICULO-5.pdf&#8221; link_option_url_new_window=&#8221;on&#8221;]<\/p>\n<p>REINA I., S\u00c1NCHEZ I., HURTADO A., 2009.<br \/>Bolet\u00edn de Sanidad Vegetal-Plagas, 35: 419-422.<\/p>\n<p>[\/et_pb_blurb][\/et_pb_column][et_pb_column type=&#8221;1_3&#8243;][et_pb_blurb title=&#8221;\u201cPrimeras observaciones para el suroeste Ib\u00e9rico del Gorgojo del Eucalipto (Gonipterus scutellatus Gyllenhall, 1833) (Coleoptera: Curculionidae) y de su parasitoide Anaphes nitens (Girault, 1928) (Hymenoptera: Myrmaridae)\u201d &#8221; url=&#8221;http:\/\/www.inffe.es\/pdf\/ARTICULO-4.pdf&#8221; url_new_window=&#8221;on&#8221; image=&#8221;https:\/\/www.inffe.es\/wp-content\/uploads\/08-13.jpg&#8221; _builder_version=&#8221;3.17.1&#8243; link_option_url=&#8221;http:\/\/www.inffe.es\/pdf\/ARTICULO-4.pdf&#8221; link_option_url_new_window=&#8221;on&#8221;]<\/p>\n<p><span>REINA I., S\u00c1NCHEZ I., HURTADO A., 2009.\u00a0<\/span><br \/><span>Bolet\u00edn de Sanidad Vegetal-Plagas, 35: 419-422.<\/span><\/p>\n<p>[\/et_pb_blurb][\/et_pb_column][\/et_pb_row][et_pb_row custom_padding=&#8221;35px|0px|27px|0px|false|false&#8221; custom_margin=&#8221;|||&#8221; make_equal=&#8221;on&#8221; background_color_1=&#8221;#ffffff&#8221; padding_top_1=&#8221;20px&#8221; padding_top_2=&#8221;20px&#8221; padding_top_3=&#8221;20px&#8221; padding_right_1=&#8221;20px&#8221; padding_right_2=&#8221;20px&#8221; padding_right_3=&#8221;20px&#8221; padding_bottom_1=&#8221;20px&#8221; padding_bottom_2=&#8221;20px&#8221; padding_bottom_3=&#8221;20px&#8221; padding_left_1=&#8221;20px&#8221; padding_left_2=&#8221;20px&#8221; padding_left_3=&#8221;20px&#8221; _builder_version=&#8221;3.21&#8243; background_size=&#8221;initial&#8221; background_position=&#8221;top_left&#8221; background_repeat=&#8221;repeat&#8221;][et_pb_column type=&#8221;1_3&#8243;][et_pb_blurb title=&#8221;\u201cPremio al mejor art\u00edculo cient\u00edfico de la REVISTA PARJAP 2011\u201d &#8221; url_new_window=&#8221;on&#8221; image=&#8221;https:\/\/www.inffe.es\/wp-content\/uploads\/60p.jpg&#8221; _builder_version=&#8221;3.17.1&#8243; link_option_url_new_window=&#8221;on&#8221;]<\/p>\n<p>REINA I., S\u00c1NCHEZ I., HURTADO A., 2009.<br \/>Bolet\u00edn de Sanidad Vegetal-Plagas, 35: 419-422.<\/p>\n<p>[\/et_pb_blurb][\/et_pb_column][et_pb_column type=&#8221;1_3&#8243;][\/et_pb_column][et_pb_column type=&#8221;1_3&#8243;][\/et_pb_column][\/et_pb_row][\/et_pb_section][et_pb_section bb_built=&#8221;1&#8243; _builder_version=&#8221;3.17.1&#8243; background_color=&#8221;rgba(0,0,0,0.07)&#8221; custom_padding=&#8221;0|0px|54px|0px|false|false&#8221; prev_background_color=&#8221;#000000&#8243; next_background_color=&#8221;#000000&#8243;][et_pb_row _builder_version=&#8221;3.0.48&#8243; background_size=&#8221;initial&#8221; background_position=&#8221;top_left&#8221; background_repeat=&#8221;repeat&#8221;][et_pb_column type=&#8221;4_4&#8243;][et_pb_text admin_label=&#8221;Ponencias&#8221; _builder_version=&#8221;3.21&#8243;]<\/p>\n<h2>Talks<\/h2>\n<p>(DOWNLOADABLE) <i class=\"fa fa-file-pdf-o \" ><\/i><\/p>\n<hr \/>\n<p>[\/et_pb_text][\/et_pb_column][\/et_pb_row][et_pb_row custom_padding=&#8221;0|0px|27px|0px|false|false&#8221; custom_margin=&#8221;|||&#8221; make_equal=&#8221;on&#8221; background_color_1=&#8221;#ffffff&#8221; background_color_2=&#8221;#ffffff&#8221; background_color_3=&#8221;#ffffff&#8221; padding_top_1=&#8221;20px&#8221; padding_top_2=&#8221;20px&#8221; padding_top_3=&#8221;20px&#8221; padding_right_1=&#8221;20px&#8221; padding_right_2=&#8221;20px&#8221; padding_right_3=&#8221;20px&#8221; padding_bottom_1=&#8221;20px&#8221; padding_bottom_2=&#8221;20px&#8221; padding_bottom_3=&#8221;20px&#8221; padding_left_1=&#8221;20px&#8221; padding_left_2=&#8221;20px&#8221; padding_left_3=&#8221;20px&#8221; _builder_version=&#8221;3.17.1&#8243; background_size=&#8221;initial&#8221; background_position=&#8221;top_left&#8221; background_repeat=&#8221;repeat&#8221;][et_pb_column type=&#8221;1_3&#8243;][et_pb_blurb title=&#8221;Ponencia y P\u00f3ster: %22 Valoraci\u00f3n de riesgo de todo el arbolado de Patrimonio Nacional 2017-2018%22&#8243; url=&#8221;http:\/\/www.inffe.es\/pdf\/CENEAM.pdf&#8221; url_new_window=&#8221;on&#8221; image=&#8221;https:\/\/www.inffe.es\/wp-content\/uploads\/CENEAM.jpg&#8221; _builder_version=&#8221;3.21&#8243; link_option_url=&#8221;http:\/\/www.inffe.es\/pdf\/CENEAM.pdf&#8221; link_option_url_new_window=&#8221;on&#8221;]<\/p>\n<p>XVII CONGRESO NACIONAL DE ARBORICULTURA 9 Y 10 DE MAYO DE 2019<br \/>\nORGANIZA: ASOCIACI\u00d3N ESPA\u00d1OLA DE ARBORICULTURA<\/p>\n<p>[\/et_pb_blurb][\/et_pb_column][et_pb_column type=&#8221;1_3&#8243;][et_pb_blurb title=&#8221;Curso de especializaci\u00f3n y gesti\u00f3n en \u00e1rboles y arboledas singulares&#8221; url=&#8221;http:\/\/www.inffe.es\/pdf\/CENEAM.pdf&#8221; url_new_window=&#8221;on&#8221; image=&#8221;https:\/\/www.inffe.es\/wp-content\/uploads\/CENEAM.jpg&#8221; _builder_version=&#8221;3.21&#8243; link_option_url=&#8221;http:\/\/www.inffe.es\/pdf\/CENEAM.pdf&#8221; link_option_url_new_window=&#8221;on&#8221;]<\/p>\n<p>CENEAM VALSA\u00cdN (SEGOVIA)<br \/>22-26 DE ABRIL DE 2019<br \/>ORGANIZA: MINISTERIO DE AGRICULTURA Y PESCA, ALIMENTACION Y MEDIO AMBIENTE. (MAPAMA)<\/p>\n<p>[\/et_pb_blurb][\/et_pb_column][et_pb_column type=&#8221;1_3&#8243;][et_pb_blurb title=&#8221;Curso de especializaci\u00f3n y gesti\u00f3n en \u00e1rboles y arboledas singulares&#8221; url=&#8221;http:\/\/www.inffe.es\/pdf\/CENEAM.pdf&#8221; url_new_window=&#8221;on&#8221; image=&#8221;https:\/\/www.inffe.es\/wp-content\/uploads\/CENEAM.jpg&#8221; _builder_version=&#8221;3.21&#8243; link_option_url=&#8221;http:\/\/www.inffe.es\/pdf\/CENEAM.pdf&#8221; link_option_url_new_window=&#8221;on&#8221;]<\/p>\n<p>CENEAM VALSA\u00cdN (SEGOVIA)<br \/>9-13 ABRIL DE 2018<br \/>ORGANIZA: MINISTERIO DE AGRICULTURA Y PESCA, ALIMENTACION Y MEDIO AMBIENTE. (MAPAMA)<\/p>\n<p>[\/et_pb_blurb][\/et_pb_column][\/et_pb_row][et_pb_row custom_padding=&#8221;0|0px|27px|0px|false|false&#8221; custom_margin=&#8221;|||&#8221; make_equal=&#8221;on&#8221; background_color_1=&#8221;#ffffff&#8221; background_color_2=&#8221;#ffffff&#8221; background_color_3=&#8221;#ffffff&#8221; padding_top_1=&#8221;20px&#8221; padding_top_2=&#8221;20px&#8221; padding_top_3=&#8221;20px&#8221; padding_right_1=&#8221;20px&#8221; padding_right_2=&#8221;20px&#8221; padding_right_3=&#8221;20px&#8221; padding_bottom_1=&#8221;20px&#8221; padding_bottom_2=&#8221;20px&#8221; padding_bottom_3=&#8221;20px&#8221; padding_left_1=&#8221;20px&#8221; padding_left_2=&#8221;20px&#8221; padding_left_3=&#8221;20px&#8221; _builder_version=&#8221;3.17.1&#8243; background_size=&#8221;initial&#8221; background_position=&#8221;top_left&#8221; background_repeat=&#8221;repeat&#8221;][et_pb_column type=&#8221;1_3&#8243;][et_pb_blurb title=&#8221;T\u00e9cnico de gesti\u00f3n de arbolado urbano&#8221; url=&#8221;http:\/\/www.inffe.es\/pdf\/COLEGIO_INGENIEROS_AGRICOLAS.pdf&#8221; url_new_window=&#8221;on&#8221; image=&#8221;https:\/\/www.inffe.es\/wp-content\/uploads\/gestion_arbolado.jpg&#8221; _builder_version=&#8221;3.17.6&#8243; link_option_url=&#8221;http:\/\/www.inffe.es\/pdf\/COLEGIO_INGENIEROS_AGRICOLAS.pdf&#8221; link_option_url_new_window=&#8221;on&#8221;]<\/p>\n<p>12-16 JUNIO DE 2017<\/p>\n<p>[\/et_pb_blurb][\/et_pb_column][et_pb_column type=&#8221;1_3&#8243;][et_pb_blurb title=&#8221;III Reuni\u00f3n Cient\u00edfica de Sanidad Forestal&#8221; url=&#8221;http:\/\/www.inffe.es\/pdf\/COLEGIO_INGENIEROS_AGRICOLAS.pdf&#8221; url_new_window=&#8221;on&#8221; image=&#8221;https:\/\/www.inffe.es\/wp-content\/uploads\/reunion.jpg&#8221; _builder_version=&#8221;3.17.6&#8243; link_option_url=&#8221;http:\/\/www.inffe.es\/pdf\/COLEGIO_INGENIEROS_AGRICOLAS.pdf&#8221; link_option_url_new_window=&#8221;on&#8221;]<\/p>\n<p>Organiza la SOCIEDAD ESPA\u00d1OLA DE CIENCIAS FORESTALES<br \/>en colaboraci\u00f3n con la ETSI MONTES, FORESTAL Y DEL MEDIO NATURAL (UPM)<\/p>\n<p>[\/et_pb_blurb][\/et_pb_column][et_pb_column type=&#8221;1_3&#8243;][et_pb_blurb title=&#8221;APLICACI\u00d3N DEL R.D. 1311\/2012 EN TRATAMIENTOS FITOSANITARIOS DE ZONAS VERDES&#8221; url=&#8221;http:\/\/www.inffe.es\/pdf\/CENEAM.pdf&#8221; url_new_window=&#8221;on&#8221; image=&#8221;https:\/\/www.inffe.es\/wp-content\/uploads\/ETSI_DE_MONTES.jpg&#8221; _builder_version=&#8221;3.17.6&#8243; link_option_url=&#8221;http:\/\/www.inffe.es\/pdf\/CENEAM.pdf&#8221; link_option_url_new_window=&#8221;on&#8221;]<\/p>\n<p>17 y 18 de Mayo 2017<br \/>Presenta y modera: Javier de La Puente Vinuesa<br \/>Patrocinan: KENOGARD y BAYER<br \/>Lugar: Aula de Seminarios de la Escuela T\u00e9cnica Superior de Ingenier\u00eda de Montes, Forestales y del Medio<br \/>Natural<\/p>\n<p>[\/et_pb_blurb][\/et_pb_column][\/et_pb_row][et_pb_row custom_padding=&#8221;0|0px|27px|0px|false|false&#8221; custom_margin=&#8221;|||&#8221; make_equal=&#8221;on&#8221; background_color_1=&#8221;#ffffff&#8221; background_color_2=&#8221;#ffffff&#8221; background_color_3=&#8221;#ffffff&#8221; padding_top_1=&#8221;20px&#8221; padding_top_2=&#8221;20px&#8221; padding_top_3=&#8221;20px&#8221; padding_right_1=&#8221;20px&#8221; padding_right_2=&#8221;20px&#8221; padding_right_3=&#8221;20px&#8221; padding_bottom_1=&#8221;20px&#8221; padding_bottom_2=&#8221;20px&#8221; padding_bottom_3=&#8221;20px&#8221; padding_left_1=&#8221;20px&#8221; padding_left_2=&#8221;20px&#8221; padding_left_3=&#8221;20px&#8221; _builder_version=&#8221;3.17.1&#8243; background_size=&#8221;initial&#8221; background_position=&#8221;top_left&#8221; background_repeat=&#8221;repeat&#8221;][et_pb_column type=&#8221;1_3&#8243;][et_pb_blurb title=&#8221;SEEA 2015&#8243; url=&#8221;http:\/\/www.inffe.es\/pdf\/SEEA.PDF&#8221; url_new_window=&#8221;on&#8221; image=&#8221;https:\/\/www.inffe.es\/wp-content\/uploads\/SEEAA.jpg&#8221; _builder_version=&#8221;3.17.6&#8243; link_option_url=&#8221;http:\/\/www.inffe.es\/pdf\/SEEA.PDF&#8221; link_option_url_new_window=&#8221;on&#8221; \/][\/et_pb_column][et_pb_column type=&#8221;1_3&#8243;][et_pb_blurb title=&#8221;ATENEO DE MADRID. &#8221; url=&#8221;http:\/\/www.inffe.es\/pdf\/ponencia-1.pdf&#8221; url_new_window=&#8221;on&#8221; image=&#8221;https:\/\/www.inffe.es\/wp-content\/uploads\/52.jpg&#8221; _builder_version=&#8221;3.17.1&#8243; link_option_url=&#8221;http:\/\/www.inffe.es\/pdf\/ponencia-1.pdf&#8221; link_option_url_new_window=&#8221;on&#8221;]<\/p>\n<p>28 de mayo de 2014 \u201cDe los pesticidas a la lucha integrada\u201d<\/p>\n<p>[\/et_pb_blurb][\/et_pb_column][et_pb_column type=&#8221;1_3&#8243;][et_pb_blurb title=&#8221;ETSI AGRARIAS (PALENCIA)&#8221; url=&#8221;http:\/\/www.inffe.es\/pdf\/PONENCIA-2.pdf&#8221; url_new_window=&#8221;on&#8221; image=&#8221;https:\/\/www.inffe.es\/wp-content\/uploads\/53.jpg&#8221; _builder_version=&#8221;3.17.1&#8243; link_option_url=&#8221;http:\/\/www.inffe.es\/pdf\/PONENCIA-2.pdf&#8221; link_option_url_new_window=&#8221;on&#8221;]<\/p>\n<p>28 de noviembre de 2012<br \/>\u201cII Jornada T\u00e9cnica de Ingenieros de Montes: presente y futuro del sector\u201d<\/p>\n<p>[\/et_pb_blurb][\/et_pb_column][\/et_pb_row][et_pb_row custom_padding=&#8221;0|0px|27px|0px|false|false&#8221; custom_margin=&#8221;|||&#8221; make_equal=&#8221;on&#8221; background_color_1=&#8221;#ffffff&#8221; background_color_2=&#8221;#ffffff&#8221; padding_top_1=&#8221;20px&#8221; padding_top_2=&#8221;20px&#8221; padding_top_3=&#8221;20px&#8221; padding_right_1=&#8221;20px&#8221; padding_right_2=&#8221;20px&#8221; padding_right_3=&#8221;20px&#8221; padding_bottom_1=&#8221;20px&#8221; padding_bottom_2=&#8221;20px&#8221; padding_bottom_3=&#8221;20px&#8221; padding_left_1=&#8221;20px&#8221; padding_left_2=&#8221;20px&#8221; padding_left_3=&#8221;20px&#8221; _builder_version=&#8221;3.21&#8243; background_size=&#8221;initial&#8221; background_position=&#8221;top_left&#8221; background_repeat=&#8221;repeat&#8221;][et_pb_column type=&#8221;1_3&#8243;][et_pb_blurb title=&#8221;UNIVERSIDAD DE L\u00c9RIDA&#8221; url=&#8221;http:\/\/www.inffe.es\/pdf\/Conferencia_%20Luis_Hiernaux.pdf&#8221; image=&#8221;https:\/\/www.inffe.es\/wp-content\/uploads\/54.jpg&#8221; _builder_version=&#8221;3.17.1&#8243; link_option_url=&#8221;http:\/\/www.inffe.es\/pdf\/Conferencia_%20Luis_Hiernaux.pdf&#8221;]<\/p>\n<p>10 de marzo de 2014<br \/>\u201cGesti\u00f3n Integrada en Jardines Hist\u00f3ricos\u201d<\/p>\n<p>[\/et_pb_blurb][\/et_pb_column][et_pb_column type=&#8221;1_3&#8243;][et_pb_blurb title=&#8221;VEGETAL WORLD (VALENCIA)&#8221; url=&#8221;http:\/\/www.inffe.es\/pdf\/PONENCIA-3.pdf&#8221; url_new_window=&#8221;on&#8221; image=&#8221;https:\/\/www.inffe.es\/wp-content\/uploads\/55.jpg&#8221; _builder_version=&#8221;3.17.6&#8243; link_option_url=&#8221;http:\/\/www.inffe.es\/pdf\/PONENCIA-3.pdf&#8221; link_option_url_new_window=&#8221;on&#8221;]<\/p>\n<p>3 y 4 de octubre de 2013<br \/>\u201cJardines Sanos\u201d<\/p>\n<p>[\/et_pb_blurb][\/et_pb_column][et_pb_column type=&#8221;1_3&#8243;][\/et_pb_column][\/et_pb_row][\/et_pb_section][et_pb_section bb_built=&#8221;1&#8243; _builder_version=&#8221;3.17.1&#8243; background_color=&#8221;rgba(0,0,0,0.07)&#8221; custom_padding=&#8221;0|0px|54px|0px|false|false&#8221; prev_background_color=&#8221;#000000&#8243; next_background_color=&#8221;#000000&#8243;][et_pb_row _builder_version=&#8221;3.0.48&#8243; background_size=&#8221;initial&#8221; background_position=&#8221;top_left&#8221; background_repeat=&#8221;repeat&#8221;][et_pb_column type=&#8221;4_4&#8243;][et_pb_text admin_label=&#8221;Prensa&#8221; _builder_version=&#8221;3.21&#8243;]<\/p>\n<h2>Press<\/h2>\n<p>(DOWNLOADABLE) <i class=\"fa fa-file-pdf-o \" ><\/i><\/p>\n<hr \/>\n<p>[\/et_pb_text][\/et_pb_column][\/et_pb_row][et_pb_row custom_padding=&#8221;0|0px|27px|0px|false|false&#8221; custom_margin=&#8221;|||&#8221; make_equal=&#8221;on&#8221; background_color_1=&#8221;#ffffff&#8221; background_color_2=&#8221;#ffffff&#8221; background_color_3=&#8221;#ffffff&#8221; padding_top_1=&#8221;20px&#8221; padding_top_2=&#8221;20px&#8221; padding_top_3=&#8221;20px&#8221; padding_right_1=&#8221;20px&#8221; padding_right_2=&#8221;20px&#8221; padding_right_3=&#8221;20px&#8221; padding_bottom_1=&#8221;20px&#8221; padding_bottom_2=&#8221;20px&#8221; padding_bottom_3=&#8221;20px&#8221; padding_left_1=&#8221;20px&#8221; padding_left_2=&#8221;20px&#8221; padding_left_3=&#8221;20px&#8221; _builder_version=&#8221;3.17.1&#8243; background_size=&#8221;initial&#8221; background_position=&#8221;top_left&#8221; background_repeat=&#8221;repeat&#8221;][et_pb_column type=&#8221;1_3&#8243;][et_pb_blurb title=&#8221;Biodiversidad amenazada en Hayedo de Montejo&#8221; url=&#8221;http:\/\/www.inffe.es\/pdf\/Biodiversidad_Hayedo_de_Montejo.doc&#8221; url_new_window=&#8221;on&#8221; image=&#8221;https:\/\/www.inffe.es\/wp-content\/uploads\/Biodiversidad_Hayedo_de_Montejo.jpg&#8221; _builder_version=&#8221;3.17.6&#8243; link_option_url=&#8221;http:\/\/www.inffe.es\/pdf\/Biodiversidad_Hayedo_de_Montejo.doc&#8221; link_option_url_new_window=&#8221;on&#8221;]<\/p>\n<p>Investigadores de la UPM eval\u00faan la flora en riesgo de este bosque emblem\u00e1tico de la Comunidad de Madrid en el marco de un proyecto que incluye tambi\u00e9n una catalogaci\u00f3n de mariposas<\/p>\n<p><a href=\"http:\/\/www.upm.es\/UPM\/SalaPrensa\/Noticias?fmt=detail&amp;prefmt=articulo&amp;id=6b9f4f7026b81510VgnVCM10000009c7648a____\" target=\"_blank\" rel=\"noopener noreferrer\">LEER ARTICULO ONLINE<\/a><\/p>\n<p>[\/et_pb_blurb][\/et_pb_column][et_pb_column type=&#8221;1_3&#8243;][et_pb_blurb title=&#8221;El Hayedo de Montejo alberga 98 especies de mariposas, seg\u00fan un estudio&#8221; url=&#8221;http:\/\/www.inffe.es\/pdf\/nota_prensa_hayedo.docx&#8221; url_new_window=&#8221;on&#8221; image=&#8221;https:\/\/www.inffe.es\/wp-content\/uploads\/nota_prensa_hayedo.jpg&#8221; _builder_version=&#8221;3.17.6&#8243; link_option_url=&#8221;http:\/\/www.inffe.es\/pdf\/nota_prensa_hayedo.docx&#8221; link_option_url_new_window=&#8221;on&#8221;]<\/p>\n<p><a href=\"https:\/\/www.lavanguardia.com\/vida\/20180411\/442466656168\/el-hayedo-de-montejo-alberga-98-especies-de-mariposas-segun-un-estudio.html\" target=\"_blank\" rel=\"noopener noreferrer\">LEER ARTICULO ONLINE<\/a><\/p>\n<p>[\/et_pb_blurb][\/et_pb_column][et_pb_column type=&#8221;1_3&#8243;][et_pb_blurb title=&#8221;N\u00e1jera ordenar\u00e1 talar uno de los viejos chopos del paseo de San Juli\u00e1n&#8221; url=&#8221;http:\/\/www.inffe.es\/pdf\/nota_prensa_najera.docx&#8221; image=&#8221;https:\/\/www.inffe.es\/wp-content\/uploads\/nota_prensa_najera2.jpg&#8221; _builder_version=&#8221;3.17.6&#8243; link_option_url=&#8221;http:\/\/www.inffe.es\/pdf\/nota_prensa_najera.docx&#8221;]<\/p>\n<p>Photographic exhibition<\/p>\n<p>[\/et_pb_blurb][\/et_pb_column][\/et_pb_row][et_pb_row custom_padding=&#8221;0|0px|27px|0px|false|false&#8221; custom_margin=&#8221;|||&#8221; make_equal=&#8221;on&#8221; background_color_1=&#8221;#ffffff&#8221; background_color_2=&#8221;#ffffff&#8221; background_color_3=&#8221;#ffffff&#8221; padding_top_1=&#8221;20px&#8221; padding_top_2=&#8221;20px&#8221; padding_top_3=&#8221;20px&#8221; padding_right_1=&#8221;20px&#8221; padding_right_2=&#8221;20px&#8221; padding_right_3=&#8221;20px&#8221; padding_bottom_1=&#8221;20px&#8221; padding_bottom_2=&#8221;20px&#8221; padding_bottom_3=&#8221;20px&#8221; padding_left_1=&#8221;20px&#8221; padding_left_2=&#8221;20px&#8221; padding_left_3=&#8221;20px&#8221; _builder_version=&#8221;3.17.1&#8243; background_size=&#8221;initial&#8221; background_position=&#8221;top_left&#8221; background_repeat=&#8221;repeat&#8221;][et_pb_column type=&#8221;1_3&#8243;][et_pb_blurb title=&#8221;El adelantado de Segovia&#8221; url=&#8221;http:\/\/www.inffe.es\/pdf\/ENTREVISTA%20ADELANTADO.pdf&#8221; url_new_window=&#8221;on&#8221; image=&#8221;https:\/\/www.inffe.es\/wp-content\/uploads\/56.jpg&#8221; _builder_version=&#8221;3.17.1&#8243; link_option_url=&#8221;http:\/\/www.inffe.es\/pdf\/ENTREVISTA%20ADELANTADO.pdf&#8221; link_option_url_new_window=&#8221;on&#8221;]<\/p>\n<p>Interview<\/p>\n<p>[\/et_pb_blurb][\/et_pb_column][et_pb_column type=&#8221;1_3&#8243;][et_pb_blurb title=&#8221;%22El adelantando%22 entrevista a Alberto Hurtado&#8221; image=&#8221;https:\/\/www.inffe.es\/wp-content\/uploads\/57.jpg&#8221; _builder_version=&#8221;3.17.1&#8243;]<\/p>\n<p>Photographic exhibition<\/p>\n<p>[\/et_pb_blurb][\/et_pb_column][et_pb_column type=&#8221;1_3&#8243;][et_pb_blurb title=&#8221;Ayto. de Aranjuez sobre el plan de lucha integrada contra las plagas vegetales&#8221; url=&#8221;http:\/\/www.inffe.es\/pdf\/AYUNTAMIENTO%20ARANJUEZ1.pdf&#8221; url_new_window=&#8221;on&#8221; image=&#8221;https:\/\/www.inffe.es\/wp-content\/uploads\/58.jpg&#8221; _builder_version=&#8221;3.17.6&#8243; link_option_url=&#8221;http:\/\/www.inffe.es\/pdf\/AYUNTAMIENTO%20ARANJUEZ1.pdf&#8221; link_option_url_new_window=&#8221;on&#8221; \/][\/et_pb_column][\/et_pb_row][et_pb_row custom_padding=&#8221;35px|0px|27px|0px|false|false&#8221; custom_margin=&#8221;|||&#8221; make_equal=&#8221;on&#8221; background_color_1=&#8221;#ffffff&#8221; background_color_2=&#8221;#ffffff&#8221; background_color_3=&#8221;#ffffff&#8221; padding_top_1=&#8221;20px&#8221; padding_top_2=&#8221;20px&#8221; padding_top_3=&#8221;20px&#8221; padding_right_1=&#8221;20px&#8221; padding_right_2=&#8221;20px&#8221; padding_right_3=&#8221;20px&#8221; padding_bottom_1=&#8221;20px&#8221; padding_bottom_2=&#8221;20px&#8221; padding_bottom_3=&#8221;20px&#8221; padding_left_1=&#8221;20px&#8221; padding_left_2=&#8221;20px&#8221; padding_left_3=&#8221;20px&#8221; _builder_version=&#8221;3.17.1&#8243; background_size=&#8221;initial&#8221; background_position=&#8221;top_left&#8221; background_repeat=&#8221;repeat&#8221;][et_pb_column type=&#8221;1_3&#8243;][et_pb_blurb title=&#8221;Control Biol\u00f3gico de Plagas en Jardiner\u00eda&#8221; url=&#8221;http:\/\/www.inffe.es\/pdf\/ARTICULO-5.pdf&#8221; url_new_window=&#8221;on&#8221; image=&#8221;https:\/\/www.inffe.es\/wp-content\/uploads\/59.jpg&#8221; _builder_version=&#8221;3.17.1&#8243; link_option_url=&#8221;http:\/\/www.inffe.es\/pdf\/ARTICULO-5.pdf&#8221; link_option_url_new_window=&#8221;on&#8221; \/][\/et_pb_column][et_pb_column type=&#8221;1_3&#8243;][et_pb_blurb title=&#8221;La plaga LAS PALABRAS Y LA VIDA &#8221; url=&#8221;http:\/\/www.inffe.es\/pdf\/noticia-prensa2.pdf&#8221; url_new_window=&#8221;on&#8221; image=&#8221;https:\/\/www.inffe.es\/wp-content\/uploads\/10-12.jpg&#8221; _builder_version=&#8221;3.17.1&#8243; link_option_url=&#8221;http:\/\/www.inffe.es\/pdf\/noticia-prensa2.pdf&#8221; link_option_url_new_window=&#8221;on&#8221; \/][\/et_pb_column][et_pb_column type=&#8221;1_3&#8243;][et_pb_blurb title=&#8221;La Junta trata de diagnosticar el mal de las secuoyas de La Losa &#8221; url=&#8221;http:\/\/www.inffe.es\/pdf\/noticia-prensa1.pdf&#8221; url_new_window=&#8221;on&#8221; image=&#8221;https:\/\/www.inffe.es\/wp-content\/uploads\/11-11.jpg&#8221; _builder_version=&#8221;3.17.1&#8243; link_option_url=&#8221;http:\/\/www.inffe.es\/pdf\/noticia-prensa1.pdf&#8221; link_option_url_new_window=&#8221;on&#8221; \/][\/et_pb_column][\/et_pb_row][\/et_pb_section][et_pb_section bb_built=&#8221;1&#8243; disabled_on=&#8221;off|off|off&#8221; _builder_version=&#8221;3.17.1&#8243; background_color=&#8221;rgba(0,0,0,0.07)&#8221; custom_padding=&#8221;0|0px|54px|0px|false|false&#8221; prev_background_color=&#8221;#000000&#8243;][et_pb_row _builder_version=&#8221;3.0.48&#8243; background_size=&#8221;initial&#8221; background_position=&#8221;top_left&#8221; background_repeat=&#8221;repeat&#8221;][et_pb_column type=&#8221;4_4&#8243;][et_pb_text admin_label=&#8221;Noticias Audiovisuales&#8221; _builder_version=&#8221;3.21&#8243;]<\/p>\n<h2>Multimedia<\/h2>\n<hr \/>\n<p>[\/et_pb_text][\/et_pb_column][\/et_pb_row][et_pb_row custom_padding=&#8221;0|0px|27px|0px|false|false&#8221; custom_margin=&#8221;|||&#8221; make_equal=&#8221;on&#8221; background_color_1=&#8221;#ffffff&#8221; background_color_2=&#8221;#ffffff&#8221; background_color_3=&#8221;#ffffff&#8221; padding_top_1=&#8221;20px&#8221; padding_top_2=&#8221;20px&#8221; padding_top_3=&#8221;20px&#8221; padding_right_1=&#8221;20px&#8221; padding_right_2=&#8221;20px&#8221; padding_right_3=&#8221;20px&#8221; padding_bottom_1=&#8221;20px&#8221; padding_bottom_2=&#8221;20px&#8221; padding_bottom_3=&#8221;20px&#8221; padding_left_1=&#8221;20px&#8221; padding_left_2=&#8221;20px&#8221; padding_left_3=&#8221;20px&#8221; _builder_version=&#8221;3.17.6&#8243; background_size=&#8221;initial&#8221; background_position=&#8221;top_left&#8221; background_repeat=&#8221;repeat&#8221;][et_pb_column type=&#8221;1_2&#8243;][et_pb_video src=&#8221;https:\/\/www.youtube.com\/watch?v=9_CVvUnnbZ0&#8243; image_src=&#8221;\/\/i.ytimg.com\/vi\/9_CVvUnnbZ0\/hqdefault.jpg&#8221; _builder_version=&#8221;3.17.6&#8243; \/][et_pb_text _builder_version=&#8221;3.17.6&#8243;]<\/p>\n<p>Instalaci\u00f3n de pararrayos en Sequoia monumental (<em>Sequoiadendron giganteum<\/em>). <a href=\"https:\/\/www.aytobejar.com\/el-bosque-de-bejar-jardin-historico\/\">Bosque de B\u00e9jar.<\/a> <br \/>2017<\/p>\n<p>[\/et_pb_text][\/et_pb_column][et_pb_column type=&#8221;1_2&#8243;][et_pb_video src=&#8221;https:\/\/www.youtube.com\/watch?v=DNm7j-hFHtk&#8221; image_src=&#8221;\/\/i.ytimg.com\/vi\/DNm7j-hFHtk\/hqdefault.jpg&#8221; _builder_version=&#8221;3.17.6&#8243; \/][et_pb_text _builder_version=&#8221;3.17.6&#8243;]<\/p>\n<p>Poda por fractura natural de Tejo singular (<em>Taxus baccata<\/em>). <a href=\"https:\/\/www.aytobejar.com\/el-bosque-de-bejar-jardin-historico\/\">Bosque de B\u00e9jar.<\/a> <br \/>2017<\/p>\n<p>[\/et_pb_text][\/et_pb_column][\/et_pb_row][et_pb_row custom_padding=&#8221;0|0px|27px|0px|false|false&#8221; custom_margin=&#8221;|||&#8221; make_equal=&#8221;on&#8221; background_color_1=&#8221;#ffffff&#8221; background_color_2=&#8221;#ffffff&#8221; background_color_3=&#8221;#ffffff&#8221; padding_top_1=&#8221;20px&#8221; padding_top_2=&#8221;20px&#8221; padding_top_3=&#8221;20px&#8221; padding_right_1=&#8221;20px&#8221; padding_right_2=&#8221;20px&#8221; padding_right_3=&#8221;20px&#8221; padding_bottom_1=&#8221;20px&#8221; padding_bottom_2=&#8221;20px&#8221; padding_bottom_3=&#8221;20px&#8221; padding_left_1=&#8221;20px&#8221; padding_left_2=&#8221;20px&#8221; padding_left_3=&#8221;20px&#8221; _builder_version=&#8221;3.17.1&#8243; background_size=&#8221;initial&#8221; background_position=&#8221;top_left&#8221; background_repeat=&#8221;repeat&#8221;][et_pb_column type=&#8221;1_2&#8243;][et_pb_video src=&#8221;https:\/\/www.youtube.com\/watch?v=XuyQPGZAn40&#8243; image_src=&#8221;\/\/i.ytimg.com\/vi\/XuyQPGZAn40\/hqdefault.jpg&#8221; _builder_version=&#8221;3.17.6&#8243; \/][et_pb_text _builder_version=&#8221;3.17.6&#8243;]<\/p>\n<p>Tratamiento de mejora de suelo mediante airspade en Sequoia (<em>Sequoiadendron giganteum<\/em>) en Vitoria.<br \/>2016<\/p>\n<p>[\/et_pb_text][\/et_pb_column][et_pb_column type=&#8221;1_2&#8243;][et_pb_video src=&#8221;https:\/\/www.youtube.com\/watch?v=scrjFjL3HSE&amp;feature=youtu.be&#8221; image_src=&#8221;https:\/\/www.inffe.es\/wp-content\/uploads\/video_inffe.jpg&#8221; _builder_version=&#8221;3.17.6&#8243; \/][et_pb_text _builder_version=&#8221;3.17.6&#8243;]<\/p>\n<p>Tratamiento de revitalizaci\u00f3n mediante endoterapia de encinas (<em>Quercus ilex<\/em>) en La Granjilla.<br \/>2015<\/p>\n<p>[\/et_pb_text][\/et_pb_column][\/et_pb_row][et_pb_row custom_padding=&#8221;0|0px|27px|0px|false|false&#8221; custom_margin=&#8221;|||&#8221; make_equal=&#8221;on&#8221; background_color_1=&#8221;#ffffff&#8221; background_color_2=&#8221;#ffffff&#8221; background_color_3=&#8221;#ffffff&#8221; padding_top_1=&#8221;20px&#8221; padding_top_2=&#8221;20px&#8221; padding_top_3=&#8221;20px&#8221; padding_right_1=&#8221;20px&#8221; padding_right_2=&#8221;20px&#8221; padding_right_3=&#8221;20px&#8221; padding_bottom_1=&#8221;20px&#8221; padding_bottom_2=&#8221;20px&#8221; padding_bottom_3=&#8221;20px&#8221; padding_left_1=&#8221;20px&#8221; padding_left_2=&#8221;20px&#8221; padding_left_3=&#8221;20px&#8221; _builder_version=&#8221;3.17.6&#8243; background_size=&#8221;initial&#8221; background_position=&#8221;top_left&#8221; background_repeat=&#8221;repeat&#8221;][et_pb_column type=&#8221;1_2&#8243;][et_pb_video src=&#8221;https:\/\/www.youtube.com\/watch?v=PbvcFOfjDss&amp;list=LL_IAQtXoyBi3iGrCgN8vC9Q&#8221; image_src=&#8221;https:\/\/www.inffe.es\/wp-content\/uploads\/mariposa.jpg&#8221; _builder_version=&#8221;3.17.6&#8243; \/][et_pb_text _builder_version=&#8221;3.17.6&#8243;]<\/p>\n<p>Testing con <a href=\"https:\/\/www.biodiversidadvirtual.org\/\">&#8220;Biodiversidad Virtual&#8221;<\/a> sobre Mariposas diurnas en el <a href=\"http:\/\/www.parquenaturalderedes.es\/\">P.N. de Redes (Asturias)<\/a>.<br \/>2013.<\/p>\n<p>[\/et_pb_text][\/et_pb_column][et_pb_column type=&#8221;1_2&#8243;][et_pb_video src=&#8221;https:\/\/www.youtube.com\/watch?v=FJqHPA135fA&amp;t=22s&#8221; image_src=&#8221;\/\/i.ytimg.com\/vi\/FJqHPA135fA\/hqdefault.jpg&#8221; _builder_version=&#8221;3.17.6&#8243; \/][et_pb_text _builder_version=&#8221;3.17.6&#8243;]<\/p>\n<p>Entrevista a Luis Hiernaux sobre <em>Gra\u00ebllsia isabelae <\/em>en &#8220;Caza y pesca&#8221; de Digital Plus.<br \/>2009.<\/p>\n<p>[\/et_pb_text][\/et_pb_column][\/et_pb_row][et_pb_row custom_padding=&#8221;0|0px|27px|0px|false|false&#8221; custom_margin=&#8221;|||&#8221; make_equal=&#8221;on&#8221; background_color_1=&#8221;#ffffff&#8221; background_color_2=&#8221;#ffffff&#8221; background_color_3=&#8221;#ffffff&#8221; padding_top_1=&#8221;20px&#8221; padding_top_2=&#8221;20px&#8221; padding_top_3=&#8221;20px&#8221; padding_right_1=&#8221;20px&#8221; padding_right_2=&#8221;20px&#8221; padding_right_3=&#8221;20px&#8221; padding_bottom_1=&#8221;20px&#8221; padding_bottom_2=&#8221;20px&#8221; padding_bottom_3=&#8221;20px&#8221; padding_left_1=&#8221;20px&#8221; padding_left_2=&#8221;20px&#8221; padding_left_3=&#8221;20px&#8221; _builder_version=&#8221;3.17.6&#8243; background_size=&#8221;initial&#8221; background_position=&#8221;top_left&#8221; background_repeat=&#8221;repeat&#8221;][et_pb_column type=&#8221;1_2&#8243;][et_pb_video src=&#8221;https:\/\/www.youtube.com\/watch?v=vyJinDLaH7Y&#8221; image_src=&#8221;\/\/i.ytimg.com\/vi\/vyJinDLaH7Y\/hqdefault.jpg&#8221; _builder_version=&#8221;3.17.6&#8243; \/][et_pb_text _builder_version=&#8221;3.17.6&#8243;]<\/p>\n<p>Noticia en Telemadrid sobre &#8220;Estudio cient\u00edfico sobre las marioposas del <a href=\"https:\/\/www.montejodelasierra.net\/hayedo-de-montejo\/entradas-y-visitas\" target=\"_blank\" rel=\"noopener noreferrer\">Hayedo de Montejo<\/a>&#8221; (en colaboraci\u00f3n con la <a href=\"http:\/\/www.upm.es\/\" target=\"_blank\" rel=\"noopener noreferrer\">UPM<\/a>). <a href=\"http:\/\/www.sierradelrincon.org\/\" target=\"_blank\" rel=\"noopener noreferrer\">Reserva de la Biosfera Sierra del Rinc\u00f3n<\/a>.<br \/>2015.<\/p>\n<p>[\/et_pb_text][\/et_pb_column][et_pb_column type=&#8221;1_2&#8243;][et_pb_video src=&#8221;https:\/\/www.youtube.com\/watch?v=t99FHey8bXc&#8221; image_src=&#8221;\/\/i.ytimg.com\/vi\/t99FHey8bXc\/hqdefault.jpg&#8221; _builder_version=&#8221;3.17.6&#8243; \/][et_pb_text _builder_version=&#8221;3.17.6&#8243;]<\/p>\n<p>Actividad de avistamiento de mariposas nocturnas (entre otras &#8220;la Isabelina&#8221;) organizado por <a href=\"https:\/\/insectpark.es\/\" target=\"_blank\" rel=\"noopener noreferrer\">Insect Park<\/a>.<br \/>2017<\/p>\n<p>[\/et_pb_text][\/et_pb_column][\/et_pb_row][\/et_pb_section]<\/p>\n","protected":false},"excerpt":{"rendered":"<p>Books GARZ\u00d3N HIDALGO A., BENGOCHEA BUDIA P., HIERNAUX CANDELAS L., 2014 PARANINFO BENGOCHEA BUDIA P., GARZ\u00d3N HIDALGO A., HIERNAUX CANDELAS L., 2014 PARANINFO HIERNAUX L., PEREIRA P., HURTADO A., FERN\u00c1NDEZ J., 2011Ministerio de Medio Ambiente, Medio Rural y Marino. Organismo Aut\u00f3nomo Parques Nacionales. Colecci\u00f3n: Naturaleza y Parques Nacionales. Serie t\u00e9cnica. PEREIRA P., 2009Ministerio de Medio [&hellip;]<\/p>\n","protected":false},"author":1,"featured_media":0,"parent":0,"menu_order":0,"comment_status":"closed","ping_status":"closed","template":"","meta":{"_et_pb_use_builder":"on","_et_pb_old_content":"","_et_gb_content_width":"","footnotes":""},"class_list":["post-1254","page","type-page","status-publish","hentry"],"_links":{"self":[{"href":"https:\/\/www.inffe.es\/en\/wp-json\/wp\/v2\/pages\/1254","targetHints":{"allow":["GET"]}}],"collection":[{"href":"https:\/\/www.inffe.es\/en\/wp-json\/wp\/v2\/pages"}],"about":[{"href":"https:\/\/www.inffe.es\/en\/wp-json\/wp\/v2\/types\/page"}],"author":[{"embeddable":true,"href":"https:\/\/www.inffe.es\/en\/wp-json\/wp\/v2\/users\/1"}],"replies":[{"embeddable":true,"href":"https:\/\/www.inffe.es\/en\/wp-json\/wp\/v2\/comments?post=1254"}],"version-history":[{"count":25,"href":"https:\/\/www.inffe.es\/en\/wp-json\/wp\/v2\/pages\/1254\/revisions"}],"predecessor-version":[{"id":2582,"href":"https:\/\/www.inffe.es\/en\/wp-json\/wp\/v2\/pages\/1254\/revisions\/2582"}],"wp:attachment":[{"href":"https:\/\/www.inffe.es\/en\/wp-json\/wp\/v2\/media?parent=1254"}],"curies":[{"name":"wp","href":"https:\/\/api.w.org\/{rel}","templated":true}]}}